{"id":3996,"date":"2023-03-10T10:33:13","date_gmt":"2023-03-10T09:33:13","guid":{"rendered":"https:\/\/rcpt.euromaritime.fr\/actualites\/"},"modified":"2026-01-12T13:41:53","modified_gmt":"2026-01-12T12:41:53","slug":"actualites","status":"publish","type":"page","link":"https:\/\/rcpt1.euromaritime.fr\/fr\/actualites\/","title":{"rendered":"Actualit\u00e9s"},"content":{"rendered":"\t\t<div data-elementor-type=\"wp-page\" data-elementor-id=\"3996\" class=\"elementor elementor-3996 elementor-3983\" data-elementor-post-type=\"page\">\n\t\t\t\t<div data-particle_enable=\"false\" data-particle-mobile-disabled=\"false\" class=\"elementor-element elementor-element-48258bf e-con-full e-flex e-con e-parent\" data-id=\"48258bf\" data-element_type=\"container\" data-e-type=\"container\">\n\t\t\t\t<div class=\"elementor-element elementor-element-09bd03f elementor-widget elementor-widget-image\" data-id=\"09bd03f\" data-element_type=\"widget\" data-e-type=\"widget\" data-widget_type=\"image.default\">\n\t\t\t\t<div class=\"elementor-widget-container\">\n\t\t\t\t\t\t\t\t\t\t\t\t\t\t\t<img fetchpriority=\"high\" decoding=\"async\" width=\"300\" height=\"300\" src=\"https:\/\/rcpt1.euromaritime.fr\/wp-content\/uploads\/2025\/04\/3-1-e1765273022805.png\" class=\"attachment-large size-large wp-image-17091\" alt=\"Le Marin\" \/>\t\t\t\t\t\t\t\t\t\t\t\t\t\t\t<\/div>\n\t\t\t\t<\/div>\n\t\t\t\t<\/div>\n\t\t<div data-particle_enable=\"false\" data-particle-mobile-disabled=\"false\" class=\"elementor-element elementor-element-574d85b e-flex e-con-boxed e-con e-parent\" data-id=\"574d85b\" data-element_type=\"container\" data-e-type=\"container\">\n\t\t\t\t\t<div class=\"e-con-inner\">\n\t\t\t\t<div class=\"elementor-element elementor-element-babf05d elementor-widget elementor-widget-ucaddon_rss_feed\" data-id=\"babf05d\" data-element_type=\"widget\" data-e-type=\"widget\" data-widget_type=\"ucaddon_rss_feed.default\">\n\t\t\t\t<div class=\"elementor-widget-container\">\n\t\t\t\t\t\n<!-- start RSS Feed -->\n\t\t<link id='font-awesome-css' href='https:\/\/rcpt1.euromaritime.fr\/wp-content\/plugins\/unlimited-elements-for-elementor\/assets_libraries\/font-awesome6\/fontawesome-all.min.css' type='text\/css' rel='stylesheet' >\n\t\t<link id='font-awesome-4-shim-css' href='https:\/\/rcpt1.euromaritime.fr\/wp-content\/plugins\/unlimited-elements-for-elementor\/assets_libraries\/font-awesome6\/fontawesome-v4-shims.min.css' type='text\/css' rel='stylesheet' >\n\t\t<link id='owl-carousel-css' href='https:\/\/rcpt1.euromaritime.fr\/wp-content\/plugins\/unlimited-elements-for-elementor\/assets_libraries\/owl-carousel-new\/assets\/owl.carousel.css' type='text\/css' rel='stylesheet' >\n\t\t<link id='uc_ac_assets_file_grid_css_155-css' href='https:\/\/rcpt1.euromaritime.fr\/wp-content\/uploads\/ac_assets\/rss_feed\/grid.css' type='text\/css' rel='stylesheet' >\n\n<style>\/* widget: RSS Feed *\/\n\n\/* general styles *\/\n.uc_rss_feed{\n  min-height:1px;\n}\n\n#uc_rss_feed_elementor_babf05d *{\n  box-sizing:border-box;\n}\n\n#uc_rss_feed_elementor_babf05d .uc_post_info .uc_author {\n  display: inline-flex;\n  }\n\n\n  #uc_rss_feed_elementor_babf05d .ue-time-ago{\n    display:flex;\n    align-items:center;\n    text-align: start;\n  }\n\n#uc_rss_feed_elementor_babf05d svg{\n  width:1em;\n  height:1em;\n}\n#uc_rss_feed_elementor_babf05d .uc_post_info{\n  display:flex;\n}\n\n#uc_rss_feed_elementor_babf05d .uc_feed_item,\n#uc_rss_feed_elementor_babf05d .ue-flip-item-content{\n  transition: all .3s;\n}\n\/* end general styles *\/\n\n\/* carousel type owl *\/\n\/* end carousel type owl *\/\n\n\/* carosuel type grid *\/\n.team_member_grid{\n  position:relative;\n  display:grid;\n}\n\n.team_member_grid .ue_grid_item{\n  position:relative;\n  display:flex;\n  flex-direction:column;\n}\n\/* end carousel type grid *\/\n\n\n\n#uc_rss_feed_elementor_babf05d .ue_rss_feed_button {\n    display: flex;\n    align-items:center;\n    justify-content:center;\n}\n\n\n<\/style>\n\n\n\n<div class=\"uc_rss_feed\" style=\"direction:ltr\" >\n  \t<!-- carousel type grid -->\n\t<div id=\"uc_rss_feed_elementor_babf05d\" class=\"team_member_grid uc-items-wrapper \" >\n    \n  \n\t  \t\t\t\t\t<div class=\"uc_feed_item ue-item   ue_grid_item \" data-post-link=\"https:\/\/lemarin.ouest-france.fr\/france\/corse\/portrait-paul-jean-emmanuelli-un-montagnard-engage-au-service-des-ports-de-haute-corse-c2af4950-7d42-11f1-b616-dddac7a26294?utm_source=SogenaEuroMaritime2026-news&amp;utm_medium=fluxrss&amp;utm_campaign=banquedecontenu\">\n\t\t              \n\t\t\t\t\t<img decoding=\"async\" src=\"https:\/\/guichet.ouest-france.fr\/ws\/medias\/image\/MjAyNjA5OTA1OTk2NTYyNTQxNTk3YjYzMzgxNDUzNDllYWYxZDY?token=SOGg255478f5152b64f8982a1d1d7c0daa7e9\" alt=\"\" class=\"ue_feed_img\">\n\t\t\t\t\t<div class=\"uc_post_info \">\n\t\t\t\t<h5  class=\"ue-post-title\">Edition du Marin - Portrait. Paul-Jean Emmanuelli, un montagnard engag\u00e9 au service des ports de Haute-Corse<\/h5>\t\t\t\t<div class=\"uc_author\">\n\t\t\t\t\t\t                      \t                      \t\t<div class=\"ue-time-ago\"><i class='huge huge-calendar-03'><\/i>06\/09\/2026<\/div>\n\t\t\t\t\t\t\t\t\t\t<\/div>\n              <div class=\"ue-text\"><p>Paul-Jean Emmanuelli, est une figure du port corse d\u2019\u00cele Rousse. Si rien ne pr\u00e9destinait ce montagnard d\u2019origine au monde maritime, il y a pourtant fait toute sa carri\u00e8re. Comme marin \u00e0 la SNCM d\u2019ab......<\/p><\/div>\t\t                          <a href=\"https:\/\/lemarin.ouest-france.fr\/france\/corse\/portrait-paul-jean-emmanuelli-un-montagnard-engage-au-service-des-ports-de-haute-corse-c2af4950-7d42-11f1-b616-dddac7a26294?utm_source=SogenaEuroMaritime2026-news&amp;utm_medium=fluxrss&amp;utm_campaign=banquedecontenu\" target=\"_blank\" class=\"ue_rss_feed_button\">En savoir plus<\/a>\n\t\t        \t\t\t<\/div>\n\t\t\t  \n\t\t\n\t\t\t\t\t\t\t\n\t\t\t  \n\t\t\t\t\t<\/div>\n\t\t\t\t<!-- end of block item -->\n\t  \t\t\t\t\t<div class=\"uc_feed_item ue-item   ue_grid_item \" data-post-link=\"https:\/\/lemarin.ouest-france.fr\/formation\/le-lycee-maritime-du-portel-fait-le-plein-2a191062-a93a-11f1-a3f7-c4f38a0eaa1c?utm_source=SogenaEuroMaritime2026-news&amp;utm_medium=fluxrss&amp;utm_campaign=banquedecontenu\">\n\t\t              \n\t\t\t\t\t<img decoding=\"async\" src=\"https:\/\/guichet.ouest-france.fr\/ws\/medias\/image\/MjAyNjA5MDRiOTI4MmY4ZWI2N2Q5NzQ0ZTUyMmRmNTY0OTQ1ZDg?token=SOGg255478f5152b64f8982a1d1d7c0daa7e9\" alt=\"\" class=\"ue_feed_img\">\n\t\t\t\t\t<div class=\"uc_post_info \">\n\t\t\t\t<h5  class=\"ue-post-title\">Le lyc\u00e9e maritime du Portel fait le plein<\/h5>\t\t\t\t<div class=\"uc_author\">\n\t\t\t\t\t\t                      \t                      \t\t<div class=\"ue-time-ago\"><i class='huge huge-calendar-03'><\/i>05\/09\/2026<\/div>\n\t\t\t\t\t\t\t\t\t\t<\/div>\n              <div class=\"ue-text\"><p>La rentr\u00e9e au lyc\u00e9e maritime du Portel s\u2019est faite hors les murs. Et pour cause\u00a0: il a fallu trouver une salle pour accueillir simultan\u00e9ment ses 120\u00a0\u00e9l\u00e8ves. Car cette ann\u00e9e, le lyc\u00e9e a fait le plein....<\/p><\/div>\t\t                          <a href=\"https:\/\/lemarin.ouest-france.fr\/formation\/le-lycee-maritime-du-portel-fait-le-plein-2a191062-a93a-11f1-a3f7-c4f38a0eaa1c?utm_source=SogenaEuroMaritime2026-news&amp;utm_medium=fluxrss&amp;utm_campaign=banquedecontenu\" target=\"_blank\" class=\"ue_rss_feed_button\">En savoir plus<\/a>\n\t\t        \t\t\t<\/div>\n\t\t\t  \n\t\t\n\t\t\t\t\t\t\t\n\t\t\t  \n\t\t\t\t\t<\/div>\n\t\t\t\t<!-- end of block item -->\n\t  \t\t\t\t\t<div class=\"uc_feed_item ue-item   ue_grid_item \" data-post-link=\"https:\/\/lemarin.ouest-france.fr\/defense\/larmee-americaine-dit-avoir-detruit-trois-petroliers-iraniens-009ac0f0-a93f-11f1-a3f7-c4f38a0eaa1c?utm_source=SogenaEuroMaritime2026-news&amp;utm_medium=fluxrss&amp;utm_campaign=banquedecontenu\">\n\t\t              \n\t\t\t\t\t<img decoding=\"async\" src=\"https:\/\/guichet.ouest-france.fr\/ws\/medias\/image\/MjAyNjA5NDY2YzBjMjA4M2YwN2NiYThiNDAzYzllZGU1NDFmZDE?token=SOGg255478f5152b64f8982a1d1d7c0daa7e9\" alt=\"\" class=\"ue_feed_img\">\n\t\t\t\t\t<div class=\"uc_post_info \">\n\t\t\t\t<h5  class=\"ue-post-title\">L\u2019arm\u00e9e am\u00e9ricaine dit avoir \u00ab\u00a0d\u00e9truit\u00a0\u00bb trois p\u00e9troliers iraniens<\/h5>\t\t\t\t<div class=\"uc_author\">\n\t\t\t\t\t\t                      \t                      \t\t<div class=\"ue-time-ago\"><i class='huge huge-calendar-03'><\/i>05\/09\/2026<\/div>\n\t\t\t\t\t\t\t\t\t\t<\/div>\n              <div class=\"ue-text\"><p>L\u2019arm\u00e9e am\u00e9ricaine a indiqu\u00e9 avoir frapp\u00e9 et \u00ab\u00a0d\u00e9truit\u00a0\u00bb trois p\u00e9troliers iraniens samedi 5\u00a0septembre, un dans le golfe Persique et deux dans le golfe d\u2019Oman, apr\u00e8s que deux de ses navires ont \u00e9t\u00e9 p......<\/p><\/div>\t\t                          <a href=\"https:\/\/lemarin.ouest-france.fr\/defense\/larmee-americaine-dit-avoir-detruit-trois-petroliers-iraniens-009ac0f0-a93f-11f1-a3f7-c4f38a0eaa1c?utm_source=SogenaEuroMaritime2026-news&amp;utm_medium=fluxrss&amp;utm_campaign=banquedecontenu\" target=\"_blank\" class=\"ue_rss_feed_button\">En savoir plus<\/a>\n\t\t        \t\t\t<\/div>\n\t\t\t  \n\t\t\n\t\t\t\t\t\t\t\n\t\t\t  \n\t\t\t\t\t<\/div>\n\t\t\t\t<!-- end of block item -->\n\t  \t\t\t\t\t<div class=\"uc_feed_item ue-item   ue_grid_item \" data-post-link=\"https:\/\/lemarin.ouest-france.fr\/formation\/le-lycee-maritime-de-fecamp-fait-le-plein-et-double-ses-recrues-feminines-ff82e9fa-a866-11f1-a618-771a80631f2f?utm_source=SogenaEuroMaritime2026-news&amp;utm_medium=fluxrss&amp;utm_campaign=banquedecontenu\">\n\t\t              \n\t\t\t\t\t<img decoding=\"async\" src=\"https:\/\/guichet.ouest-france.fr\/ws\/medias\/image\/MjAyNjA5MWFmYzY4MWJmYTZhNmU5NWVlMmU2MzNmMDc5OTk4MmI?token=SOGg255478f5152b64f8982a1d1d7c0daa7e9\" alt=\"\" class=\"ue_feed_img\">\n\t\t\t\t\t<div class=\"uc_post_info \">\n\t\t\t\t<h5  class=\"ue-post-title\">Le lyc\u00e9e maritime de F\u00e9camp fait le plein et double ses recrues f\u00e9minines<\/h5>\t\t\t\t<div class=\"uc_author\">\n\t\t\t\t\t\t                      \t                      \t\t<div class=\"ue-time-ago\"><i class='huge huge-calendar-03'><\/i>05\/09\/2026<\/div>\n\t\t\t\t\t\t\t\t\t\t<\/div>\n              <div class=\"ue-text\"><p>Avec 158\u00a0inscrits, un nombre de filles pass\u00e9 de 10 \u00e0 19 et un corps d\u2019enseignants au complet, le lyc\u00e9e maritime Anita Conti a fait le plein pour cette rentr\u00e9e. De bon augure pour sa nouvelle directr......<\/p><\/div>\t\t                          <a href=\"https:\/\/lemarin.ouest-france.fr\/formation\/le-lycee-maritime-de-fecamp-fait-le-plein-et-double-ses-recrues-feminines-ff82e9fa-a866-11f1-a618-771a80631f2f?utm_source=SogenaEuroMaritime2026-news&amp;utm_medium=fluxrss&amp;utm_campaign=banquedecontenu\" target=\"_blank\" class=\"ue_rss_feed_button\">En savoir plus<\/a>\n\t\t        \t\t\t<\/div>\n\t\t\t  \n\t\t\n\t\t\t\t\t\t\t\n\t\t\t  \n\t\t\t\t\t<\/div>\n\t\t\t\t<!-- end of block item -->\n\t  \t\t\t\t\t<div class=\"uc_feed_item ue-item   ue_grid_item \" data-post-link=\"https:\/\/lemarin.ouest-france.fr\/industries-nautiques\/entretien-nous-pourrons-suivre-le-parcours-des-yachts-le-specialiste-du-refit-imm-voit-grand-pour-la-rochelle-7ae74f52-a86a-11f1-a618-771a80631f2f?utm_source=SogenaEuroMaritime2026-news&amp;utm_medium=fluxrss&amp;utm_campaign=banquedecontenu\">\n\t\t              \n\t\t\t\t\t<img decoding=\"async\" src=\"https:\/\/guichet.ouest-france.fr\/ws\/medias\/image\/MjAyNjA5NmY0YjQ0Mjc1NjFiZGQ0YTFhM2U4M2U4NDg5YmI4ZGQ?token=SOGg255478f5152b64f8982a1d1d7c0daa7e9\" alt=\"\" class=\"ue_feed_img\">\n\t\t\t\t\t<div class=\"uc_post_info \">\n\t\t\t\t<h5  class=\"ue-post-title\">Edition du Marin - ENTRETIEN. \u00ab\u00a0Nous pourrons suivre le parcours des yachts\u00a0\u00bb\u00a0: le sp\u00e9cialiste du refit IMM voit grand pour La Rochelle<\/h5>\t\t\t\t<div class=\"uc_author\">\n\t\t\t\t\t\t                      \t                      \t\t<div class=\"ue-time-ago\"><i class='huge huge-calendar-03'><\/i>05\/09\/2026<\/div>\n\t\t\t\t\t\t\t\t\t\t<\/div>\n              <div class=\"ue-text\"><p>Le chantier naval sp\u00e9cialis\u00e9 dans le refit de yachts IMM, bas\u00e9 aux Cara\u00efbes, s\u2019installe \u00e0 la Rochelle et est d\u00e9sormais pr\u00e9sent sur les deux fa\u00e7ades de l\u2019Atlantique. Nouveaux march\u00e9s, fid\u00e9lisation de......<\/p><\/div>\t\t                          <a href=\"https:\/\/lemarin.ouest-france.fr\/industries-nautiques\/entretien-nous-pourrons-suivre-le-parcours-des-yachts-le-specialiste-du-refit-imm-voit-grand-pour-la-rochelle-7ae74f52-a86a-11f1-a618-771a80631f2f?utm_source=SogenaEuroMaritime2026-news&amp;utm_medium=fluxrss&amp;utm_campaign=banquedecontenu\" target=\"_blank\" class=\"ue_rss_feed_button\">En savoir plus<\/a>\n\t\t        \t\t\t<\/div>\n\t\t\t  \n\t\t\n\t\t\t\t\t\t\t\n\t\t\t  \n\t\t\t\t\t<\/div>\n\t\t\t\t<!-- end of block item -->\n\t  \t\t\t\t\t<div class=\"uc_feed_item ue-item   ue_grid_item \" data-post-link=\"https:\/\/lemarin.ouest-france.fr\/defense\/podcast-avec-la-decarbonation-du-maritime-quels-nouveaux-risques-pour-le-milieu-marin-e47858ee-a775-11f1-8a27-1e0c4eb5e395?utm_source=SogenaEuroMaritime2026-news&amp;utm_medium=fluxrss&amp;utm_campaign=banquedecontenu\">\n\t\t              \n\t\t\t\t\t<img decoding=\"async\" src=\"https:\/\/guichet.ouest-france.fr\/ws\/medias\/image\/MjAyNjA5YTY5MDc4YjUwMGM2M2U1NWJlOWZjNzc1MGZjYjczOTg?token=SOGg255478f5152b64f8982a1d1d7c0daa7e9\" alt=\"\" class=\"ue_feed_img\">\n\t\t\t\t\t<div class=\"uc_post_info \">\n\t\t\t\t<h5  class=\"ue-post-title\">PODCAST. Avec la d\u00e9carbonation du maritime, quels nouveaux risques pour le milieu marin\u00a0?<\/h5>\t\t\t\t<div class=\"uc_author\">\n\t\t\t\t\t\t                      \t                      \t\t<div class=\"ue-time-ago\"><i class='huge huge-calendar-03'><\/i>05\/09\/2026<\/div>\n\t\t\t\t\t\t\t\t\t\t<\/div>\n              <div class=\"ue-text\"><p>Institut d\u2019expertise du minist\u00e8re des Arm\u00e9es d\u00e9di\u00e9 \u00e0 la Marine nationale et au maritime, le Centre d\u2019\u00e9tudes strat\u00e9giques de la marine\u00a0(CESM) publie des \u00e9tudes mais aussi des podcasts pour d\u00e9crypter ......<\/p><\/div>\t\t                          <a href=\"https:\/\/lemarin.ouest-france.fr\/defense\/podcast-avec-la-decarbonation-du-maritime-quels-nouveaux-risques-pour-le-milieu-marin-e47858ee-a775-11f1-8a27-1e0c4eb5e395?utm_source=SogenaEuroMaritime2026-news&amp;utm_medium=fluxrss&amp;utm_campaign=banquedecontenu\" target=\"_blank\" class=\"ue_rss_feed_button\">En savoir plus<\/a>\n\t\t        \t\t\t<\/div>\n\t\t\t  \n\t\t\n\t\t\t\t\t\t\t\n\t\t\t  \n\t\t\t\t\t<\/div>\n\t\t\t\t<!-- end of block item -->\n\t\n  \t<\/div>\n\t<!-- end carousel type grid -->\n  \n  \n<\/div>\n<!-- end RSS Feed -->\t\t\t\t<\/div>\n\t\t\t\t<\/div>\n\t\t<div data-particle_enable=\"false\" data-particle-mobile-disabled=\"false\" class=\"elementor-element elementor-element-2975349 e-con-full elementor-hidden-desktop elementor-hidden-tablet_extra elementor-hidden-tablet elementor-hidden-mobile e-flex e-con e-child\" data-id=\"2975349\" data-element_type=\"container\" data-e-type=\"container\">\n\t\t\t\t<div class=\"elementor-element elementor-element-9c5b7ad elementor-grid-3 elementor-grid-tablet-2 elementor-grid-mobile-1 elementor-widget elementor-widget-loop-grid\" data-id=\"9c5b7ad\" data-element_type=\"widget\" data-e-type=\"widget\" data-settings=\"{&quot;template_id&quot;:15725,&quot;masonry&quot;:&quot;yes&quot;,&quot;_skin&quot;:&quot;post&quot;,&quot;columns&quot;:&quot;3&quot;,&quot;columns_tablet&quot;:&quot;2&quot;,&quot;columns_mobile&quot;:&quot;1&quot;,&quot;edit_handle_selector&quot;:&quot;[data-elementor-type=\\&quot;loop-item\\&quot;]&quot;,&quot;row_gap&quot;:{&quot;unit&quot;:&quot;px&quot;,&quot;size&quot;:&quot;&quot;,&quot;sizes&quot;:[]},&quot;row_gap_tablet_extra&quot;:{&quot;unit&quot;:&quot;px&quot;,&quot;size&quot;:&quot;&quot;,&quot;sizes&quot;:[]},&quot;row_gap_tablet&quot;:{&quot;unit&quot;:&quot;px&quot;,&quot;size&quot;:&quot;&quot;,&quot;sizes&quot;:[]},&quot;row_gap_mobile&quot;:{&quot;unit&quot;:&quot;px&quot;,&quot;size&quot;:&quot;&quot;,&quot;sizes&quot;:[]}}\" data-widget_type=\"loop-grid.post\">\n\t\t\t\t<div class=\"elementor-widget-container\">\n\t\t\t\t\t\t\t<div class=\"elementor-loop-container elementor-grid\" role=\"list\">\n\t\t<style id=\"loop-15725\">.elementor-widget-section .eael-protected-content-message{font-family:var( --e-global-typography-secondary-font-family ), Sans-serif;font-weight:var( --e-global-typography-secondary-font-weight );}.elementor-widget-section .protected-content-error-msg{font-family:var( --e-global-typography-secondary-font-family ), Sans-serif;font-weight:var( --e-global-typography-secondary-font-weight );}.elementor-15725 .elementor-element.elementor-element-ece11c0, .elementor-15725 .elementor-element.elementor-element-ece11c0 > .elementor-background-overlay{border-radius:20px 20px 20px 20px;}.elementor-15725 .elementor-element.elementor-element-ece11c0{box-shadow:0px 0px 10px 0px rgba(22.000000000000007, 38.999999999999986, 126, 0.19);transition:background 0.3s, border 0.3s, border-radius 0.3s, box-shadow 0.3s;margin-top:0%;margin-bottom:10%;}.elementor-15725 .elementor-element.elementor-element-ece11c0 > .elementor-background-overlay{transition:background 0.3s, border-radius 0.3s, opacity 0.3s;}.elementor-15725 .elementor-element.elementor-element-9f1de1b > .elementor-element-populated{padding:30px 30px 30px 30px;}.elementor-widget-theme-post-featured-image .widget-image-caption{color:var( --e-global-color-text );font-family:var( --e-global-typography-text-font-family ), Sans-serif;font-weight:var( --e-global-typography-text-font-weight );}.elementor-widget-theme-post-featured-image .eael-protected-content-message{font-family:var( --e-global-typography-secondary-font-family ), Sans-serif;font-weight:var( --e-global-typography-secondary-font-weight );}.elementor-widget-theme-post-featured-image .protected-content-error-msg{font-family:var( --e-global-typography-secondary-font-family ), Sans-serif;font-weight:var( --e-global-typography-secondary-font-weight );}.elementor-15725 .elementor-element.elementor-element-2d86109 img{border-radius:30px 0px 30px 0px;}.elementor-widget-theme-post-title .elementor-heading-title{font-family:var( --e-global-typography-primary-font-family ), Sans-serif;font-weight:var( --e-global-typography-primary-font-weight );color:var( --e-global-color-primary );}.elementor-widget-theme-post-title .eael-protected-content-message{font-family:var( --e-global-typography-secondary-font-family ), Sans-serif;font-weight:var( --e-global-typography-secondary-font-weight );}.elementor-widget-theme-post-title .protected-content-error-msg{font-family:var( --e-global-typography-secondary-font-family ), Sans-serif;font-weight:var( --e-global-typography-secondary-font-weight );}.elementor-15725 .elementor-element.elementor-element-8bc6e99{text-align:start;}.elementor-15725 .elementor-element.elementor-element-8bc6e99 .elementor-heading-title{font-size:20px;font-weight:600;line-height:28px;color:var( --e-global-color-1d44648 );}.elementor-15725 .elementor-element.elementor-element-8bc6e99 > .elementor-widget-container{margin:20px 0px 0px 0px;}.elementor-widget-post-info .elementor-icon-list-item:not(:last-child):after{border-color:var( --e-global-color-text );}.elementor-widget-post-info .elementor-icon-list-icon i{color:var( --e-global-color-primary );}.elementor-widget-post-info .elementor-icon-list-icon svg{fill:var( --e-global-color-primary );}.elementor-widget-post-info .elementor-icon-list-text, .elementor-widget-post-info .elementor-icon-list-text a{color:var( --e-global-color-secondary );}.elementor-widget-post-info .elementor-icon-list-item{font-family:var( --e-global-typography-text-font-family ), Sans-serif;font-weight:var( --e-global-typography-text-font-weight );}.elementor-widget-post-info .eael-protected-content-message{font-family:var( --e-global-typography-secondary-font-family ), Sans-serif;font-weight:var( --e-global-typography-secondary-font-weight );}.elementor-widget-post-info .protected-content-error-msg{font-family:var( --e-global-typography-secondary-font-family ), Sans-serif;font-weight:var( --e-global-typography-secondary-font-weight );}.elementor-15725 .elementor-element.elementor-element-f94795d .elementor-icon-list-icon i{color:var( --e-global-color-e4971e9 );font-size:14px;}.elementor-15725 .elementor-element.elementor-element-f94795d .elementor-icon-list-icon svg{fill:var( --e-global-color-e4971e9 );--e-icon-list-icon-size:14px;}.elementor-15725 .elementor-element.elementor-element-f94795d .elementor-icon-list-icon{width:14px;}.elementor-15725 .elementor-element.elementor-element-f94795d .elementor-icon-list-text, .elementor-15725 .elementor-element.elementor-element-f94795d .elementor-icon-list-text a{color:var( --e-global-color-e4971e9 );}.elementor-15725 .elementor-element.elementor-element-f94795d .elementor-icon-list-item{font-size:14px;font-weight:400;}.elementor-15725 .elementor-element.elementor-element-f94795d > .elementor-widget-container{padding:2% 0% 2% 0%;}.elementor-widget-theme-post-excerpt .elementor-widget-container{font-family:var( --e-global-typography-text-font-family ), Sans-serif;font-weight:var( --e-global-typography-text-font-weight );color:var( --e-global-color-text );}.elementor-widget-theme-post-excerpt .eael-protected-content-message{font-family:var( --e-global-typography-secondary-font-family ), Sans-serif;font-weight:var( --e-global-typography-secondary-font-weight );}.elementor-widget-theme-post-excerpt .protected-content-error-msg{font-family:var( --e-global-typography-secondary-font-family ), Sans-serif;font-weight:var( --e-global-typography-secondary-font-weight );}.elementor-15725 .elementor-element.elementor-element-fa7f0f1 .elementor-widget-container{text-align:start;font-size:14px;font-weight:400;color:var( --e-global-color-ba305f6 );}.elementor-widget-button .elementor-button{font-family:var( --e-global-typography-accent-font-family ), Sans-serif;font-weight:var( --e-global-typography-accent-font-weight );background-color:var( --e-global-color-accent );}.elementor-widget-button .eael-protected-content-message{font-family:var( --e-global-typography-secondary-font-family ), Sans-serif;font-weight:var( --e-global-typography-secondary-font-weight );}.elementor-widget-button .protected-content-error-msg{font-family:var( --e-global-typography-secondary-font-family ), Sans-serif;font-weight:var( --e-global-typography-secondary-font-weight );}.elementor-15725 .elementor-element.elementor-element-8ae67d1 .elementor-button{font-family:\"Montserrat\", Sans-serif;font-size:17px;font-weight:500;fill:var( --e-global-color-ef42bea );color:var( --e-global-color-ef42bea );background-color:var( --e-global-color-1d44648 );border-style:solid;border-width:1px 1px 1px 1px;border-color:var( --e-global-color-1d44648 );border-radius:20px 20px 20px 20px;}.elementor-15725 .elementor-element.elementor-element-8ae67d1 .elementor-button:hover, .elementor-15725 .elementor-element.elementor-element-8ae67d1 .elementor-button:focus{color:var( --e-global-color-1d44648 );background-color:var( --e-global-color-ef42bea );border-color:var( --e-global-color-1d44648 );}.elementor-15725 .elementor-element.elementor-element-8ae67d1 .elementor-button:hover svg, .elementor-15725 .elementor-element.elementor-element-8ae67d1 .elementor-button:focus svg{fill:var( --e-global-color-1d44648 );}.elementor-15725 .elementor-element.elementor-element-8ae67d1 > .elementor-widget-container{padding:5% 0% 0% 0%;}<\/style>\t\t<div data-elementor-type=\"loop-item\" data-elementor-id=\"15725\" class=\"elementor elementor-15725 elementor-15721 elementor-15721 e-loop-item e-loop-item-16609 post-16609 post type-post status-publish format-standard has-post-thumbnail hentry category-news-fr tag-maritime-mag-partenaire-media\" data-elementor-post-type=\"elementor_library\" data-custom-edit-handle=\"1\">\n\t\t\t\t\t<section data-particle_enable=\"false\" data-particle-mobile-disabled=\"false\" class=\"elementor-section elementor-top-section elementor-element elementor-element-ece11c0 elementor-section-boxed elementor-section-height-default elementor-section-height-default\" data-id=\"ece11c0\" data-element_type=\"section\" data-e-type=\"section\" data-settings=\"{&quot;background_background&quot;:&quot;classic&quot;}\">\n\t\t\t\t\t\t<div class=\"elementor-container elementor-column-gap-default\">\n\t\t\t\t\t<div class=\"elementor-column elementor-col-100 elementor-top-column elementor-element elementor-element-9f1de1b\" data-id=\"9f1de1b\" data-element_type=\"column\" data-e-type=\"column\">\n\t\t\t<div class=\"elementor-widget-wrap elementor-element-populated\">\n\t\t\t\t\t\t<div class=\"elementor-element elementor-element-2d86109 elementor-widget elementor-widget-theme-post-featured-image elementor-widget-image\" data-id=\"2d86109\" data-element_type=\"widget\" data-e-type=\"widget\" data-widget_type=\"theme-post-featured-image.default\">\n\t\t\t\t<div class=\"elementor-widget-container\">\n\t\t\t\t\t\t\t\t\t\t\t\t\t\t\t<img decoding=\"async\" width=\"800\" height=\"935\" src=\"https:\/\/rcpt1.euromaritime.fr\/wp-content\/uploads\/2025\/03\/GASCON_JULIE_2025_10531_HIGH-RES_BENEDICTEBROCARD-scaled-3-876x1024.jpg\" class=\"attachment-large size-large wp-image-16603\" alt=\"\" srcset=\"https:\/\/rcpt1.euromaritime.fr\/wp-content\/uploads\/2025\/03\/GASCON_JULIE_2025_10531_HIGH-RES_BENEDICTEBROCARD-scaled-3-876x1024.jpg 876w, https:\/\/rcpt1.euromaritime.fr\/wp-content\/uploads\/2025\/03\/GASCON_JULIE_2025_10531_HIGH-RES_BENEDICTEBROCARD-scaled-3-257x300.jpg 257w, https:\/\/rcpt1.euromaritime.fr\/wp-content\/uploads\/2025\/03\/GASCON_JULIE_2025_10531_HIGH-RES_BENEDICTEBROCARD-scaled-3-768x898.jpg 768w, https:\/\/rcpt1.euromaritime.fr\/wp-content\/uploads\/2025\/03\/GASCON_JULIE_2025_10531_HIGH-RES_BENEDICTEBROCARD-scaled-3-1314x1536.jpg 1314w, https:\/\/rcpt1.euromaritime.fr\/wp-content\/uploads\/2025\/03\/GASCON_JULIE_2025_10531_HIGH-RES_BENEDICTEBROCARD-scaled-3.jpg 1707w\" sizes=\"(max-width: 800px) 100vw, 800px\" \/>\t\t\t\t\t\t\t\t\t\t\t\t\t\t\t<\/div>\n\t\t\t\t<\/div>\n\t\t\t\t<div class=\"elementor-element elementor-element-8bc6e99 elementor-widget elementor-widget-theme-post-title elementor-page-title elementor-widget-heading\" data-id=\"8bc6e99\" data-element_type=\"widget\" data-e-type=\"widget\" data-widget_type=\"theme-post-title.default\">\n\t\t\t\t<div class=\"elementor-widget-container\">\n\t\t\t\t\t<h2 class=\"elementor-heading-title elementor-size-default\">Julie Gascon souligne la voie vitale vers la souverainet\u00e9 \u00e9conomique du Canada<\/h2>\t\t\t\t<\/div>\n\t\t\t\t<\/div>\n\t\t\t\t<div class=\"elementor-element elementor-element-f94795d elementor-widget elementor-widget-post-info\" data-id=\"f94795d\" data-element_type=\"widget\" data-e-type=\"widget\" data-widget_type=\"post-info.default\">\n\t\t\t\t<div class=\"elementor-widget-container\">\n\t\t\t\t\t\t\t<ul class=\"elementor-inline-items elementor-icon-list-items elementor-post-info\">\n\t\t\t\t\t\t\t\t<li class=\"elementor-icon-list-item elementor-repeater-item-6cc9df8 elementor-inline-item\" itemprop=\"datePublished\">\n\t\t\t\t\t\t<a href=\"https:\/\/rcpt1.euromaritime.fr\/fr\/2025\/03\/18\/\">\n\t\t\t\t\t\t\t\t\t\t\t<span class=\"elementor-icon-list-icon\">\n\t\t\t\t\t\t\t\t<i aria-hidden=\"true\" class=\"fas fa-calendar\"><\/i>\t\t\t\t\t\t\t<\/span>\n\t\t\t\t\t\t\t\t\t<span class=\"elementor-icon-list-text elementor-post-info__item elementor-post-info__item--type-date\">\n\t\t\t\t\t\t\t\t\t\t<time>mars 18, 2025<\/time>\t\t\t\t\t<\/span>\n\t\t\t\t\t\t\t\t\t<\/a>\n\t\t\t\t<\/li>\n\t\t\t\t<\/ul>\n\t\t\t\t\t\t<\/div>\n\t\t\t\t<\/div>\n\t\t\t\t<div class=\"elementor-element elementor-element-fa7f0f1 elementor-widget elementor-widget-theme-post-excerpt\" data-id=\"fa7f0f1\" data-element_type=\"widget\" data-e-type=\"widget\" data-widget_type=\"theme-post-excerpt.default\">\n\t\t\t\t<div class=\"elementor-widget-container\">\n\t\t\t\t\tApr\u00e8s une premi\u00e8re ann\u00e9e d\u00e9j\u00e0 marqu\u00e9e par de nombreux \u00e9v\u00e9nements, Julie Gascon se retrouve d\u00e9sormais \u00e0 diriger le Port de Montr\u00e9al \u00e0 travers les sables mouvants de la guerre tarifaire de Trump. \t\t\t\t<\/div>\n\t\t\t\t<\/div>\n\t\t\t\t<div class=\"elementor-element elementor-element-8ae67d1 elementor-align-center elementor-widget elementor-widget-button\" data-id=\"8ae67d1\" data-element_type=\"widget\" data-e-type=\"widget\" data-widget_type=\"button.default\">\n\t\t\t\t<div class=\"elementor-widget-container\">\n\t\t\t\t\t\t\t\t\t<div class=\"elementor-button-wrapper\">\n\t\t\t\t\t<a class=\"elementor-button elementor-button-link elementor-size-sm\" href=\"https:\/\/rcpt1.euromaritime.fr\/fr\/julie-gascon-souligne-la-voie-vitale-vers-la-souverainete-economique-du-canada\/\" target=\"_blank\">\n\t\t\t\t\t\t<span class=\"elementor-button-content-wrapper\">\n\t\t\t\t\t\t\t\t\t<span class=\"elementor-button-text\">en savoir +<\/span>\n\t\t\t\t\t<\/span>\n\t\t\t\t\t<\/a>\n\t\t\t\t<\/div>\n\t\t\t\t\t\t\t\t<\/div>\n\t\t\t\t<\/div>\n\t\t\t\t\t<\/div>\n\t\t<\/div>\n\t\t\t\t\t<\/div>\n\t\t<\/section>\n\t\t\t\t<\/div>\n\t\t\t\t<div data-elementor-type=\"loop-item\" data-elementor-id=\"15725\" class=\"elementor elementor-15725 elementor-15721 elementor-15721 e-loop-item e-loop-item-6220 post-6220 post type-post status-publish format-standard has-post-thumbnail hentry category-news-fr tag-inside-marine-fr\" data-elementor-post-type=\"elementor_library\" data-custom-edit-handle=\"1\">\n\t\t\t\t\t<section data-particle_enable=\"false\" data-particle-mobile-disabled=\"false\" class=\"elementor-section elementor-top-section elementor-element elementor-element-ece11c0 elementor-section-boxed elementor-section-height-default elementor-section-height-default\" data-id=\"ece11c0\" data-element_type=\"section\" data-e-type=\"section\" data-settings=\"{&quot;background_background&quot;:&quot;classic&quot;}\">\n\t\t\t\t\t\t<div class=\"elementor-container elementor-column-gap-default\">\n\t\t\t\t\t<div class=\"elementor-column elementor-col-100 elementor-top-column elementor-element elementor-element-9f1de1b\" data-id=\"9f1de1b\" data-element_type=\"column\" data-e-type=\"column\">\n\t\t\t<div class=\"elementor-widget-wrap elementor-element-populated\">\n\t\t\t\t\t\t<div class=\"elementor-element elementor-element-2d86109 elementor-widget elementor-widget-theme-post-featured-image elementor-widget-image\" data-id=\"2d86109\" data-element_type=\"widget\" data-e-type=\"widget\" data-widget_type=\"theme-post-featured-image.default\">\n\t\t\t\t<div class=\"elementor-widget-container\">\n\t\t\t\t\t\t\t\t\t\t\t\t\t\t\t<img loading=\"lazy\" decoding=\"async\" width=\"800\" height=\"537\" src=\"https:\/\/rcpt1.euromaritime.fr\/wp-content\/uploads\/2023\/06\/inside-marine-photo-article-1024x687.png\" class=\"attachment-large size-large wp-image-6210\" alt=\"\" srcset=\"https:\/\/rcpt1.euromaritime.fr\/wp-content\/uploads\/2023\/06\/inside-marine-photo-article-1024x687.png 1024w, https:\/\/rcpt1.euromaritime.fr\/wp-content\/uploads\/2023\/06\/inside-marine-photo-article-300x201.png 300w, https:\/\/rcpt1.euromaritime.fr\/wp-content\/uploads\/2023\/06\/inside-marine-photo-article-768x516.png 768w, https:\/\/rcpt1.euromaritime.fr\/wp-content\/uploads\/2023\/06\/inside-marine-photo-article.png 1092w\" sizes=\"(max-width: 800px) 100vw, 800px\" \/>\t\t\t\t\t\t\t\t\t\t\t\t\t\t\t<\/div>\n\t\t\t\t<\/div>\n\t\t\t\t<div class=\"elementor-element elementor-element-8bc6e99 elementor-widget elementor-widget-theme-post-title elementor-page-title elementor-widget-heading\" data-id=\"8bc6e99\" data-element_type=\"widget\" data-e-type=\"widget\" data-widget_type=\"theme-post-title.default\">\n\t\t\t\t<div class=\"elementor-widget-container\">\n\t\t\t\t\t<h2 class=\"elementor-heading-title elementor-size-default\">Une longue histoire de short-sea<\/h2>\t\t\t\t<\/div>\n\t\t\t\t<\/div>\n\t\t\t\t<div class=\"elementor-element elementor-element-f94795d elementor-widget elementor-widget-post-info\" data-id=\"f94795d\" data-element_type=\"widget\" data-e-type=\"widget\" data-widget_type=\"post-info.default\">\n\t\t\t\t<div class=\"elementor-widget-container\">\n\t\t\t\t\t\t\t<ul class=\"elementor-inline-items elementor-icon-list-items elementor-post-info\">\n\t\t\t\t\t\t\t\t<li class=\"elementor-icon-list-item elementor-repeater-item-6cc9df8 elementor-inline-item\" itemprop=\"datePublished\">\n\t\t\t\t\t\t<a href=\"https:\/\/rcpt1.euromaritime.fr\/fr\/2023\/06\/06\/\">\n\t\t\t\t\t\t\t\t\t\t\t<span class=\"elementor-icon-list-icon\">\n\t\t\t\t\t\t\t\t<i aria-hidden=\"true\" class=\"fas fa-calendar\"><\/i>\t\t\t\t\t\t\t<\/span>\n\t\t\t\t\t\t\t\t\t<span class=\"elementor-icon-list-text elementor-post-info__item elementor-post-info__item--type-date\">\n\t\t\t\t\t\t\t\t\t\t<time>juin 6, 2023<\/time>\t\t\t\t\t<\/span>\n\t\t\t\t\t\t\t\t\t<\/a>\n\t\t\t\t<\/li>\n\t\t\t\t<\/ul>\n\t\t\t\t\t\t<\/div>\n\t\t\t\t<\/div>\n\t\t\t\t<div class=\"elementor-element elementor-element-fa7f0f1 elementor-widget elementor-widget-theme-post-excerpt\" data-id=\"fa7f0f1\" data-element_type=\"widget\" data-e-type=\"widget\" data-widget_type=\"theme-post-excerpt.default\">\n\t\t\t\t<div class=\"elementor-widget-container\">\n\t\t\t\t\tLe groupe Vertom est l'un des plus grands op\u00e9rateurs europ\u00e9ens dans le domaine du transport maritime \u00e0 courte distance. Warner Warnders, directeur g\u00e9n\u00e9ral de Vertom Bereederungs GmbH, a racont\u00e9 son histoire \u00e0 Inside Marine. Rapport r\u00e9dig\u00e9 par Phil Nicholls et Hannah Barnett.\t\t\t\t<\/div>\n\t\t\t\t<\/div>\n\t\t\t\t<div class=\"elementor-element elementor-element-8ae67d1 elementor-align-center elementor-widget elementor-widget-button\" data-id=\"8ae67d1\" data-element_type=\"widget\" data-e-type=\"widget\" data-widget_type=\"button.default\">\n\t\t\t\t<div class=\"elementor-widget-container\">\n\t\t\t\t\t\t\t\t\t<div class=\"elementor-button-wrapper\">\n\t\t\t\t\t<a class=\"elementor-button elementor-button-link elementor-size-sm\" href=\"https:\/\/rcpt1.euromaritime.fr\/fr\/le-plus-grand-centre-europeen-dessais-en-mer-pour-leolien-flottant-mais-pas-seulement-creer-en-france-copy\/\" target=\"_blank\">\n\t\t\t\t\t\t<span class=\"elementor-button-content-wrapper\">\n\t\t\t\t\t\t\t\t\t<span class=\"elementor-button-text\">en savoir +<\/span>\n\t\t\t\t\t<\/span>\n\t\t\t\t\t<\/a>\n\t\t\t\t<\/div>\n\t\t\t\t\t\t\t\t<\/div>\n\t\t\t\t<\/div>\n\t\t\t\t\t<\/div>\n\t\t<\/div>\n\t\t\t\t\t<\/div>\n\t\t<\/section>\n\t\t\t\t<\/div>\n\t\t\t\t<div data-elementor-type=\"loop-item\" data-elementor-id=\"15725\" class=\"elementor elementor-15725 elementor-15721 elementor-15721 e-loop-item e-loop-item-5988 post-5988 post type-post status-publish format-standard has-post-thumbnail hentry category-news-fr tag-energies-de-la-mer-partenaire-media\" data-elementor-post-type=\"elementor_library\" data-custom-edit-handle=\"1\">\n\t\t\t\t\t<section data-particle_enable=\"false\" data-particle-mobile-disabled=\"false\" class=\"elementor-section elementor-top-section elementor-element elementor-element-ece11c0 elementor-section-boxed elementor-section-height-default elementor-section-height-default\" data-id=\"ece11c0\" data-element_type=\"section\" data-e-type=\"section\" data-settings=\"{&quot;background_background&quot;:&quot;classic&quot;}\">\n\t\t\t\t\t\t<div class=\"elementor-container elementor-column-gap-default\">\n\t\t\t\t\t<div class=\"elementor-column elementor-col-100 elementor-top-column elementor-element elementor-element-9f1de1b\" data-id=\"9f1de1b\" data-element_type=\"column\" data-e-type=\"column\">\n\t\t\t<div class=\"elementor-widget-wrap elementor-element-populated\">\n\t\t\t\t\t\t<div class=\"elementor-element elementor-element-2d86109 elementor-widget elementor-widget-theme-post-featured-image elementor-widget-image\" data-id=\"2d86109\" data-element_type=\"widget\" data-e-type=\"widget\" data-widget_type=\"theme-post-featured-image.default\">\n\t\t\t\t<div class=\"elementor-widget-container\">\n\t\t\t\t\t\t\t\t\t\t\t\t\t\t\t<img loading=\"lazy\" decoding=\"async\" width=\"800\" height=\"259\" src=\"https:\/\/rcpt1.euromaritime.fr\/wp-content\/uploads\/2023\/05\/Site-de-SEM-Rev-\u00a9Centrale-NantesBW-IdeolGEPS-Techno-1024x331.jpg\" class=\"attachment-large size-large wp-image-5993\" alt=\"\" srcset=\"https:\/\/rcpt1.euromaritime.fr\/wp-content\/uploads\/2023\/05\/Site-de-SEM-Rev-\u00a9Centrale-NantesBW-IdeolGEPS-Techno-1024x331.jpg 1024w, https:\/\/rcpt1.euromaritime.fr\/wp-content\/uploads\/2023\/05\/Site-de-SEM-Rev-\u00a9Centrale-NantesBW-IdeolGEPS-Techno-300x97.jpg 300w, https:\/\/rcpt1.euromaritime.fr\/wp-content\/uploads\/2023\/05\/Site-de-SEM-Rev-\u00a9Centrale-NantesBW-IdeolGEPS-Techno-768x248.jpg 768w, https:\/\/rcpt1.euromaritime.fr\/wp-content\/uploads\/2023\/05\/Site-de-SEM-Rev-\u00a9Centrale-NantesBW-IdeolGEPS-Techno-1536x496.jpg 1536w, https:\/\/rcpt1.euromaritime.fr\/wp-content\/uploads\/2023\/05\/Site-de-SEM-Rev-\u00a9Centrale-NantesBW-IdeolGEPS-Techno.jpg 1920w\" sizes=\"(max-width: 800px) 100vw, 800px\" \/>\t\t\t\t\t\t\t\t\t\t\t\t\t\t\t<\/div>\n\t\t\t\t<\/div>\n\t\t\t\t<div class=\"elementor-element elementor-element-8bc6e99 elementor-widget elementor-widget-theme-post-title elementor-page-title elementor-widget-heading\" data-id=\"8bc6e99\" data-element_type=\"widget\" data-e-type=\"widget\" data-widget_type=\"theme-post-title.default\">\n\t\t\t\t<div class=\"elementor-widget-container\">\n\t\t\t\t\t<h2 class=\"elementor-heading-title elementor-size-default\">Le plus grand centre europ\u00e9en d&rsquo;essais en mer pour l&rsquo;\u00e9olien flottant, mais pas seulement, cr\u00e9\u00e9 en France<\/h2>\t\t\t\t<\/div>\n\t\t\t\t<\/div>\n\t\t\t\t<div class=\"elementor-element elementor-element-f94795d elementor-widget elementor-widget-post-info\" data-id=\"f94795d\" data-element_type=\"widget\" data-e-type=\"widget\" data-widget_type=\"post-info.default\">\n\t\t\t\t<div class=\"elementor-widget-container\">\n\t\t\t\t\t\t\t<ul class=\"elementor-inline-items elementor-icon-list-items elementor-post-info\">\n\t\t\t\t\t\t\t\t<li class=\"elementor-icon-list-item elementor-repeater-item-6cc9df8 elementor-inline-item\" itemprop=\"datePublished\">\n\t\t\t\t\t\t<a href=\"https:\/\/rcpt1.euromaritime.fr\/fr\/2023\/05\/10\/\">\n\t\t\t\t\t\t\t\t\t\t\t<span class=\"elementor-icon-list-icon\">\n\t\t\t\t\t\t\t\t<i aria-hidden=\"true\" class=\"fas fa-calendar\"><\/i>\t\t\t\t\t\t\t<\/span>\n\t\t\t\t\t\t\t\t\t<span class=\"elementor-icon-list-text elementor-post-info__item elementor-post-info__item--type-date\">\n\t\t\t\t\t\t\t\t\t\t<time>mai 10, 2023<\/time>\t\t\t\t\t<\/span>\n\t\t\t\t\t\t\t\t\t<\/a>\n\t\t\t\t<\/li>\n\t\t\t\t<\/ul>\n\t\t\t\t\t\t<\/div>\n\t\t\t\t<\/div>\n\t\t\t\t<div class=\"elementor-element elementor-element-8ae67d1 elementor-align-center elementor-widget elementor-widget-button\" data-id=\"8ae67d1\" data-element_type=\"widget\" data-e-type=\"widget\" data-widget_type=\"button.default\">\n\t\t\t\t<div class=\"elementor-widget-container\">\n\t\t\t\t\t\t\t\t\t<div class=\"elementor-button-wrapper\">\n\t\t\t\t\t<a class=\"elementor-button elementor-button-link elementor-size-sm\" href=\"https:\/\/rcpt1.euromaritime.fr\/fr\/the-largest-european-center-for-sea-trials-for-floating-wind-power-but-not-only-is-created-in-france\/\" target=\"_blank\">\n\t\t\t\t\t\t<span class=\"elementor-button-content-wrapper\">\n\t\t\t\t\t\t\t\t\t<span class=\"elementor-button-text\">en savoir +<\/span>\n\t\t\t\t\t<\/span>\n\t\t\t\t\t<\/a>\n\t\t\t\t<\/div>\n\t\t\t\t\t\t\t\t<\/div>\n\t\t\t\t<\/div>\n\t\t\t\t\t<\/div>\n\t\t<\/div>\n\t\t\t\t\t<\/div>\n\t\t<\/section>\n\t\t\t\t<\/div>\n\t\t\t\t<div data-elementor-type=\"loop-item\" data-elementor-id=\"15725\" class=\"elementor elementor-15725 elementor-15721 elementor-15721 e-loop-item e-loop-item-4333 post-4333 post type-post status-publish format-standard has-post-thumbnail hentry category-news-fr tag-energies-de-la-mer-partenaire-media\" data-elementor-post-type=\"elementor_library\" data-custom-edit-handle=\"1\">\n\t\t\t\t\t<section data-particle_enable=\"false\" data-particle-mobile-disabled=\"false\" class=\"elementor-section elementor-top-section elementor-element elementor-element-ece11c0 elementor-section-boxed elementor-section-height-default elementor-section-height-default\" data-id=\"ece11c0\" data-element_type=\"section\" data-e-type=\"section\" data-settings=\"{&quot;background_background&quot;:&quot;classic&quot;}\">\n\t\t\t\t\t\t<div class=\"elementor-container elementor-column-gap-default\">\n\t\t\t\t\t<div class=\"elementor-column elementor-col-100 elementor-top-column elementor-element elementor-element-9f1de1b\" data-id=\"9f1de1b\" data-element_type=\"column\" data-e-type=\"column\">\n\t\t\t<div class=\"elementor-widget-wrap elementor-element-populated\">\n\t\t\t\t\t\t<div class=\"elementor-element elementor-element-2d86109 elementor-widget elementor-widget-theme-post-featured-image elementor-widget-image\" data-id=\"2d86109\" data-element_type=\"widget\" data-e-type=\"widget\" data-widget_type=\"theme-post-featured-image.default\">\n\t\t\t\t<div class=\"elementor-widget-container\">\n\t\t\t\t\t\t\t\t\t\t\t\t\t\t\t<img loading=\"lazy\" decoding=\"async\" width=\"515\" height=\"275\" src=\"https:\/\/rcpt1.euromaritime.fr\/wp-content\/uploads\/2023\/03\/PLG-SBM-06-03-2023.png\" class=\"attachment-large size-large wp-image-4294\" alt=\"PLG-SBM-06-03-2023\" srcset=\"https:\/\/rcpt1.euromaritime.fr\/wp-content\/uploads\/2023\/03\/PLG-SBM-06-03-2023.png 515w, https:\/\/rcpt1.euromaritime.fr\/wp-content\/uploads\/2023\/03\/PLG-SBM-06-03-2023-300x160.png 300w\" sizes=\"(max-width: 515px) 100vw, 515px\" \/>\t\t\t\t\t\t\t\t\t\t\t\t\t\t\t<\/div>\n\t\t\t\t<\/div>\n\t\t\t\t<div class=\"elementor-element elementor-element-8bc6e99 elementor-widget elementor-widget-theme-post-title elementor-page-title elementor-widget-heading\" data-id=\"8bc6e99\" data-element_type=\"widget\" data-e-type=\"widget\" data-widget_type=\"theme-post-title.default\">\n\t\t\t\t<div class=\"elementor-widget-container\">\n\t\t\t\t\t<h2 class=\"elementor-heading-title elementor-size-default\">L\u2019\u00e9olienne flottante pour Provence Grand Large l\u00e8ve le voile<\/h2>\t\t\t\t<\/div>\n\t\t\t\t<\/div>\n\t\t\t\t<div class=\"elementor-element elementor-element-f94795d elementor-widget elementor-widget-post-info\" data-id=\"f94795d\" data-element_type=\"widget\" data-e-type=\"widget\" data-widget_type=\"post-info.default\">\n\t\t\t\t<div class=\"elementor-widget-container\">\n\t\t\t\t\t\t\t<ul class=\"elementor-inline-items elementor-icon-list-items elementor-post-info\">\n\t\t\t\t\t\t\t\t<li class=\"elementor-icon-list-item elementor-repeater-item-6cc9df8 elementor-inline-item\" itemprop=\"datePublished\">\n\t\t\t\t\t\t<a href=\"https:\/\/rcpt1.euromaritime.fr\/fr\/2023\/03\/14\/\">\n\t\t\t\t\t\t\t\t\t\t\t<span class=\"elementor-icon-list-icon\">\n\t\t\t\t\t\t\t\t<i aria-hidden=\"true\" class=\"fas fa-calendar\"><\/i>\t\t\t\t\t\t\t<\/span>\n\t\t\t\t\t\t\t\t\t<span class=\"elementor-icon-list-text elementor-post-info__item elementor-post-info__item--type-date\">\n\t\t\t\t\t\t\t\t\t\t<time>mars 14, 2023<\/time>\t\t\t\t\t<\/span>\n\t\t\t\t\t\t\t\t\t<\/a>\n\t\t\t\t<\/li>\n\t\t\t\t<\/ul>\n\t\t\t\t\t\t<\/div>\n\t\t\t\t<\/div>\n\t\t\t\t<div class=\"elementor-element elementor-element-fa7f0f1 elementor-widget elementor-widget-theme-post-excerpt\" data-id=\"fa7f0f1\" data-element_type=\"widget\" data-e-type=\"widget\" data-widget_type=\"theme-post-excerpt.default\">\n\t\t\t\t<div class=\"elementor-widget-container\">\n\t\t\t\t\tEnviron 300 GW d\u2019\u00e9olien offshore flottant seront install\u00e9s dans le monde dans les 30 prochaines ann\u00e9es. 60 % des professionnels de l\u2019industrie \u00e9olienne pensent que l\u2019\u00e9olien offshore flottant sera totalement commercialis\u00e9 sans subventions d\u2019ici 2035. O\u00f9 en sommes-nous ?\t\t\t\t<\/div>\n\t\t\t\t<\/div>\n\t\t\t\t<div class=\"elementor-element elementor-element-8ae67d1 elementor-align-center elementor-widget elementor-widget-button\" data-id=\"8ae67d1\" data-element_type=\"widget\" data-e-type=\"widget\" data-widget_type=\"button.default\">\n\t\t\t\t<div class=\"elementor-widget-container\">\n\t\t\t\t\t\t\t\t\t<div class=\"elementor-button-wrapper\">\n\t\t\t\t\t<a class=\"elementor-button elementor-button-link elementor-size-sm\" href=\"https:\/\/rcpt1.euromaritime.fr\/fr\/leolienne-flottante-pour-provence-grand-large-leve-le-voile\/\" target=\"_blank\">\n\t\t\t\t\t\t<span class=\"elementor-button-content-wrapper\">\n\t\t\t\t\t\t\t\t\t<span class=\"elementor-button-text\">en savoir +<\/span>\n\t\t\t\t\t<\/span>\n\t\t\t\t\t<\/a>\n\t\t\t\t<\/div>\n\t\t\t\t\t\t\t\t<\/div>\n\t\t\t\t<\/div>\n\t\t\t\t\t<\/div>\n\t\t<\/div>\n\t\t\t\t\t<\/div>\n\t\t<\/section>\n\t\t\t\t<\/div>\n\t\t\t\t<div data-elementor-type=\"loop-item\" data-elementor-id=\"15725\" class=\"elementor elementor-15725 elementor-15721 elementor-15721 e-loop-item e-loop-item-3981 post-3981 post type-post status-publish format-standard has-post-thumbnail hentry category-news-fr tag-innovation-24-fr\" data-elementor-post-type=\"elementor_library\" data-custom-edit-handle=\"1\">\n\t\t\t\t\t<section data-particle_enable=\"false\" data-particle-mobile-disabled=\"false\" class=\"elementor-section elementor-top-section elementor-element elementor-element-ece11c0 elementor-section-boxed elementor-section-height-default elementor-section-height-default\" data-id=\"ece11c0\" data-element_type=\"section\" data-e-type=\"section\" data-settings=\"{&quot;background_background&quot;:&quot;classic&quot;}\">\n\t\t\t\t\t\t<div class=\"elementor-container elementor-column-gap-default\">\n\t\t\t\t\t<div class=\"elementor-column elementor-col-100 elementor-top-column elementor-element elementor-element-9f1de1b\" data-id=\"9f1de1b\" data-element_type=\"column\" data-e-type=\"column\">\n\t\t\t<div class=\"elementor-widget-wrap elementor-element-populated\">\n\t\t\t\t\t\t<div class=\"elementor-element elementor-element-2d86109 elementor-widget elementor-widget-theme-post-featured-image elementor-widget-image\" data-id=\"2d86109\" data-element_type=\"widget\" data-e-type=\"widget\" data-widget_type=\"theme-post-featured-image.default\">\n\t\t\t\t<div class=\"elementor-widget-container\">\n\t\t\t\t\t\t\t\t\t\t\t\t\t\t\t<img loading=\"lazy\" decoding=\"async\" width=\"800\" height=\"533\" src=\"https:\/\/rcpt1.euromaritime.fr\/wp-content\/uploads\/2023\/03\/transport-maritime-echelle-monde.jpg\" class=\"attachment-large size-large wp-image-3979\" alt=\"transport-maritime-echelle-monde\" srcset=\"https:\/\/rcpt1.euromaritime.fr\/wp-content\/uploads\/2023\/03\/transport-maritime-echelle-monde.jpg 990w, https:\/\/rcpt1.euromaritime.fr\/wp-content\/uploads\/2023\/03\/transport-maritime-echelle-monde-300x200.jpg 300w, https:\/\/rcpt1.euromaritime.fr\/wp-content\/uploads\/2023\/03\/transport-maritime-echelle-monde-768x512.jpg 768w\" sizes=\"(max-width: 800px) 100vw, 800px\" \/>\t\t\t\t\t\t\t\t\t\t\t\t\t\t\t<\/div>\n\t\t\t\t<\/div>\n\t\t\t\t<div class=\"elementor-element elementor-element-8bc6e99 elementor-widget elementor-widget-theme-post-title elementor-page-title elementor-widget-heading\" data-id=\"8bc6e99\" data-element_type=\"widget\" data-e-type=\"widget\" data-widget_type=\"theme-post-title.default\">\n\t\t\t\t<div class=\"elementor-widget-container\">\n\t\t\t\t\t<h2 class=\"elementor-heading-title elementor-size-default\">Le transport maritime \u00e0 l\u2019\u00e9chelle du monde global<\/h2>\t\t\t\t<\/div>\n\t\t\t\t<\/div>\n\t\t\t\t<div class=\"elementor-element elementor-element-f94795d elementor-widget elementor-widget-post-info\" data-id=\"f94795d\" data-element_type=\"widget\" data-e-type=\"widget\" data-widget_type=\"post-info.default\">\n\t\t\t\t<div class=\"elementor-widget-container\">\n\t\t\t\t\t\t\t<ul class=\"elementor-inline-items elementor-icon-list-items elementor-post-info\">\n\t\t\t\t\t\t\t\t<li class=\"elementor-icon-list-item elementor-repeater-item-6cc9df8 elementor-inline-item\" itemprop=\"datePublished\">\n\t\t\t\t\t\t<a href=\"https:\/\/rcpt1.euromaritime.fr\/fr\/2023\/03\/10\/\">\n\t\t\t\t\t\t\t\t\t\t\t<span class=\"elementor-icon-list-icon\">\n\t\t\t\t\t\t\t\t<i aria-hidden=\"true\" class=\"fas fa-calendar\"><\/i>\t\t\t\t\t\t\t<\/span>\n\t\t\t\t\t\t\t\t\t<span class=\"elementor-icon-list-text elementor-post-info__item elementor-post-info__item--type-date\">\n\t\t\t\t\t\t\t\t\t\t<time>mars 10, 2023<\/time>\t\t\t\t\t<\/span>\n\t\t\t\t\t\t\t\t\t<\/a>\n\t\t\t\t<\/li>\n\t\t\t\t<\/ul>\n\t\t\t\t\t\t<\/div>\n\t\t\t\t<\/div>\n\t\t\t\t<div class=\"elementor-element elementor-element-fa7f0f1 elementor-widget elementor-widget-theme-post-excerpt\" data-id=\"fa7f0f1\" data-element_type=\"widget\" data-e-type=\"widget\" data-widget_type=\"theme-post-excerpt.default\">\n\t\t\t\t<div class=\"elementor-widget-container\">\n\t\t\t\t\tLe transport maritime est une constante de l\u2019histoire humaine et chaque p\u00e9riode a ses caract\u00e8res propres. Notre \u00e9poque est celle de la globalisation, une internationalisation o\u00f9 l\u2019int\u00e9gration des \u00e9conomies est de plus en plus forte. Comme outil de la mobilit\u00e9 des marchandises, le transport maritime conna\u00eet une croissance exceptionnelle, qui ne se fait pas sans questions, et parmi elles, comme ailleurs, celle de la Chine.\t\t\t\t<\/div>\n\t\t\t\t<\/div>\n\t\t\t\t<div class=\"elementor-element elementor-element-8ae67d1 elementor-align-center elementor-widget elementor-widget-button\" data-id=\"8ae67d1\" data-element_type=\"widget\" data-e-type=\"widget\" data-widget_type=\"button.default\">\n\t\t\t\t<div class=\"elementor-widget-container\">\n\t\t\t\t\t\t\t\t\t<div class=\"elementor-button-wrapper\">\n\t\t\t\t\t<a class=\"elementor-button elementor-button-link elementor-size-sm\" href=\"https:\/\/rcpt1.euromaritime.fr\/fr\/le-transport-maritime-a-lechelle-du-monde-global\/\" target=\"_blank\">\n\t\t\t\t\t\t<span class=\"elementor-button-content-wrapper\">\n\t\t\t\t\t\t\t\t\t<span class=\"elementor-button-text\">en savoir +<\/span>\n\t\t\t\t\t<\/span>\n\t\t\t\t\t<\/a>\n\t\t\t\t<\/div>\n\t\t\t\t\t\t\t\t<\/div>\n\t\t\t\t<\/div>\n\t\t\t\t\t<\/div>\n\t\t<\/div>\n\t\t\t\t\t<\/div>\n\t\t<\/section>\n\t\t\t\t<\/div>\n\t\t\t\t<\/div>\n\t\t\n\t\t\t\t\t\t<\/div>\n\t\t\t\t<\/div>\n\t\t\t\t<\/div>\n\t\t\t\t\t<\/div>\n\t\t\t\t<\/div>\n\t\t\t\t<\/div>\n\t\t","protected":false},"excerpt":{"rendered":"<p>Avec une capacit\u00e9 en flotte sup\u00e9rieure \u00e0 7,1\u00a0millions de conteneurs, MSC a encore creus\u00e9 l\u2019\u00e9cart en 2025 12\/01\/2026 La capacit\u00e9 combin\u00e9e des douze armateurs qui contr\u00f4lent chacun plus de 1\u00a0% de la flotte mondiale de lignes r\u00e9guli\u00e8res conteneuris\u00e9es a augment\u00e9 de 7,3\u00a0% au cours des douze derniers mois. Mais le n\u00b0\u00a0&#8230;&#8230; En savoir plus Le [&hellip;]<\/p>\n","protected":false},"author":1,"featured_media":0,"parent":0,"menu_order":0,"comment_status":"closed","ping_status":"closed","template":"","meta":{"_acf_changed":false,"footnotes":""},"class_list":["post-3996","page","type-page","status-publish","hentry"],"acf":[],"yoast_head":"<!-- This site is optimized with the Yoast SEO plugin v28.4 - https:\/\/yoast.com\/product\/yoast-seo-wordpress\/ -->\n<title>EUROMARITIME - Derni\u00e8res Actualit\u00e9s !<\/title>\n<meta name=\"description\" content=\"D\u00e9couvrez les derni\u00e8res actualit\u00e9s du secteur maritime sur notre page !\" \/>\n<meta name=\"robots\" content=\"index, follow, max-snippet:-1, max-image-preview:large, max-video-preview:-1\" \/>\n<link rel=\"canonical\" href=\"https:\/\/rcpt1.euromaritime.fr\/fr\/actualites\/\" \/>\n<meta property=\"og:locale\" content=\"fr_FR\" \/>\n<meta property=\"og:type\" content=\"article\" \/>\n<meta property=\"og:title\" content=\"EUROMARITIME - Derni\u00e8res Actualit\u00e9s !\" \/>\n<meta property=\"og:description\" content=\"D\u00e9couvrez les derni\u00e8res actualit\u00e9s du secteur maritime sur notre page !\" \/>\n<meta property=\"og:url\" content=\"https:\/\/rcpt1.euromaritime.fr\/fr\/actualites\/\" \/>\n<meta property=\"og:site_name\" content=\"Euromaritime\" \/>\n<meta property=\"article:modified_time\" content=\"2026-01-12T12:41:53+00:00\" \/>\n<meta property=\"og:image\" content=\"https:\/\/rcpt1.euromaritime.fr\/wp-content\/uploads\/2025\/04\/3-1-e1765273022805.png\" \/>\n\t<meta property=\"og:image:width\" content=\"300\" \/>\n\t<meta property=\"og:image:height\" content=\"93\" \/>\n\t<meta property=\"og:image:type\" content=\"image\/png\" \/>\n<meta name=\"twitter:card\" content=\"summary_large_image\" \/>\n<meta name=\"twitter:site\" content=\"@Euromaritime22\" \/>\n<script type=\"application\/ld+json\" class=\"yoast-schema-graph\">{\"@context\":\"https:\\\/\\\/schema.org\",\"@graph\":[{\"@type\":\"WebPage\",\"@id\":\"https:\\\/\\\/rcpt1.euromaritime.fr\\\/fr\\\/actualites\\\/\",\"url\":\"https:\\\/\\\/rcpt1.euromaritime.fr\\\/fr\\\/actualites\\\/\",\"name\":\"EUROMARITIME - Derni\u00e8res Actualit\u00e9s !\",\"isPartOf\":{\"@id\":\"https:\\\/\\\/www.euromaritime.fr\\\/#website\"},\"primaryImageOfPage\":{\"@id\":\"https:\\\/\\\/rcpt1.euromaritime.fr\\\/fr\\\/actualites\\\/#primaryimage\"},\"image\":{\"@id\":\"https:\\\/\\\/rcpt1.euromaritime.fr\\\/fr\\\/actualites\\\/#primaryimage\"},\"thumbnailUrl\":\"https:\\\/\\\/rcpt1.euromaritime.fr\\\/wp-content\\\/uploads\\\/2025\\\/04\\\/3-1-e1765273022805.png\",\"datePublished\":\"2023-03-10T09:33:13+00:00\",\"dateModified\":\"2026-01-12T12:41:53+00:00\",\"description\":\"D\u00e9couvrez les derni\u00e8res actualit\u00e9s du secteur maritime sur notre page !\",\"breadcrumb\":{\"@id\":\"https:\\\/\\\/rcpt1.euromaritime.fr\\\/fr\\\/actualites\\\/#breadcrumb\"},\"inLanguage\":\"fr-FR\",\"potentialAction\":[{\"@type\":\"ReadAction\",\"target\":[\"https:\\\/\\\/rcpt1.euromaritime.fr\\\/fr\\\/actualites\\\/\"]}]},{\"@type\":\"ImageObject\",\"inLanguage\":\"fr-FR\",\"@id\":\"https:\\\/\\\/rcpt1.euromaritime.fr\\\/fr\\\/actualites\\\/#primaryimage\",\"url\":\"https:\\\/\\\/rcpt1.euromaritime.fr\\\/wp-content\\\/uploads\\\/2025\\\/04\\\/3-1-e1765273022805.png\",\"contentUrl\":\"https:\\\/\\\/rcpt1.euromaritime.fr\\\/wp-content\\\/uploads\\\/2025\\\/04\\\/3-1-e1765273022805.png\"},{\"@type\":\"BreadcrumbList\",\"@id\":\"https:\\\/\\\/rcpt1.euromaritime.fr\\\/fr\\\/actualites\\\/#breadcrumb\",\"itemListElement\":[{\"@type\":\"ListItem\",\"position\":1,\"name\":\"Accueil\",\"item\":\"https:\\\/\\\/www.euromaritime.fr\\\/fr\\\/accueil2026\\\/\"},{\"@type\":\"ListItem\",\"position\":2,\"name\":\"Actualit\u00e9s\"}]},{\"@type\":\"WebSite\",\"@id\":\"https:\\\/\\\/www.euromaritime.fr\\\/#website\",\"url\":\"https:\\\/\\\/www.euromaritime.fr\\\/\",\"name\":\"Euromaritime\",\"description\":\"Trade fair for an innovative marine industry\",\"publisher\":{\"@id\":\"https:\\\/\\\/www.euromaritime.fr\\\/#organization\"},\"potentialAction\":[{\"@type\":\"SearchAction\",\"target\":{\"@type\":\"EntryPoint\",\"urlTemplate\":\"https:\\\/\\\/www.euromaritime.fr\\\/?s={search_term_string}\"},\"query-input\":{\"@type\":\"PropertyValueSpecification\",\"valueRequired\":true,\"valueName\":\"search_term_string\"}}],\"inLanguage\":\"fr-FR\"},{\"@type\":\"Organization\",\"@id\":\"https:\\\/\\\/www.euromaritime.fr\\\/#organization\",\"name\":\"Euromaritime\",\"url\":\"https:\\\/\\\/www.euromaritime.fr\\\/\",\"logo\":{\"@type\":\"ImageObject\",\"inLanguage\":\"fr-FR\",\"@id\":\"https:\\\/\\\/www.euromaritime.fr\\\/#\\\/schema\\\/logo\\\/image\\\/\",\"url\":\"https:\\\/\\\/rcpt1.euromaritime.fr\\\/wp-content\\\/uploads\\\/2023\\\/02\\\/euromaritime-logo-dark.svg\",\"contentUrl\":\"https:\\\/\\\/rcpt1.euromaritime.fr\\\/wp-content\\\/uploads\\\/2023\\\/02\\\/euromaritime-logo-dark.svg\",\"caption\":\"Euromaritime\"},\"image\":{\"@id\":\"https:\\\/\\\/www.euromaritime.fr\\\/#\\\/schema\\\/logo\\\/image\\\/\"},\"sameAs\":[\"https:\\\/\\\/x.com\\\/Euromaritime22\",\"https:\\\/\\\/www.linkedin.com\\\/company\\\/euromaritime\\\/\",\"https:\\\/\\\/www.youtube.com\\\/@euromaritime5954\"]}]}<\/script>\n<!-- \/ Yoast SEO plugin. -->","yoast_head_json":{"title":"EUROMARITIME - Derni\u00e8res Actualit\u00e9s !","description":"D\u00e9couvrez les derni\u00e8res actualit\u00e9s du secteur maritime sur notre page !","robots":{"index":"index","follow":"follow","max-snippet":"max-snippet:-1","max-image-preview":"max-image-preview:large","max-video-preview":"max-video-preview:-1"},"canonical":"https:\/\/rcpt1.euromaritime.fr\/fr\/actualites\/","og_locale":"fr_FR","og_type":"article","og_title":"EUROMARITIME - Derni\u00e8res Actualit\u00e9s !","og_description":"D\u00e9couvrez les derni\u00e8res actualit\u00e9s du secteur maritime sur notre page !","og_url":"https:\/\/rcpt1.euromaritime.fr\/fr\/actualites\/","og_site_name":"Euromaritime","article_modified_time":"2026-01-12T12:41:53+00:00","og_image":[{"width":300,"height":93,"url":"https:\/\/rcpt1.euromaritime.fr\/wp-content\/uploads\/2025\/04\/3-1-e1765273022805.png","type":"image\/png"}],"twitter_card":"summary_large_image","twitter_site":"@Euromaritime22","schema":{"@context":"https:\/\/schema.org","@graph":[{"@type":"WebPage","@id":"https:\/\/rcpt1.euromaritime.fr\/fr\/actualites\/","url":"https:\/\/rcpt1.euromaritime.fr\/fr\/actualites\/","name":"EUROMARITIME - Derni\u00e8res Actualit\u00e9s !","isPartOf":{"@id":"https:\/\/www.euromaritime.fr\/#website"},"primaryImageOfPage":{"@id":"https:\/\/rcpt1.euromaritime.fr\/fr\/actualites\/#primaryimage"},"image":{"@id":"https:\/\/rcpt1.euromaritime.fr\/fr\/actualites\/#primaryimage"},"thumbnailUrl":"https:\/\/rcpt1.euromaritime.fr\/wp-content\/uploads\/2025\/04\/3-1-e1765273022805.png","datePublished":"2023-03-10T09:33:13+00:00","dateModified":"2026-01-12T12:41:53+00:00","description":"D\u00e9couvrez les derni\u00e8res actualit\u00e9s du secteur maritime sur notre page !","breadcrumb":{"@id":"https:\/\/rcpt1.euromaritime.fr\/fr\/actualites\/#breadcrumb"},"inLanguage":"fr-FR","potentialAction":[{"@type":"ReadAction","target":["https:\/\/rcpt1.euromaritime.fr\/fr\/actualites\/"]}]},{"@type":"ImageObject","inLanguage":"fr-FR","@id":"https:\/\/rcpt1.euromaritime.fr\/fr\/actualites\/#primaryimage","url":"https:\/\/rcpt1.euromaritime.fr\/wp-content\/uploads\/2025\/04\/3-1-e1765273022805.png","contentUrl":"https:\/\/rcpt1.euromaritime.fr\/wp-content\/uploads\/2025\/04\/3-1-e1765273022805.png"},{"@type":"BreadcrumbList","@id":"https:\/\/rcpt1.euromaritime.fr\/fr\/actualites\/#breadcrumb","itemListElement":[{"@type":"ListItem","position":1,"name":"Accueil","item":"https:\/\/www.euromaritime.fr\/fr\/accueil2026\/"},{"@type":"ListItem","position":2,"name":"Actualit\u00e9s"}]},{"@type":"WebSite","@id":"https:\/\/www.euromaritime.fr\/#website","url":"https:\/\/www.euromaritime.fr\/","name":"Euromaritime","description":"Trade fair for an innovative marine industry","publisher":{"@id":"https:\/\/www.euromaritime.fr\/#organization"},"potentialAction":[{"@type":"SearchAction","target":{"@type":"EntryPoint","urlTemplate":"https:\/\/www.euromaritime.fr\/?s={search_term_string}"},"query-input":{"@type":"PropertyValueSpecification","valueRequired":true,"valueName":"search_term_string"}}],"inLanguage":"fr-FR"},{"@type":"Organization","@id":"https:\/\/www.euromaritime.fr\/#organization","name":"Euromaritime","url":"https:\/\/www.euromaritime.fr\/","logo":{"@type":"ImageObject","inLanguage":"fr-FR","@id":"https:\/\/www.euromaritime.fr\/#\/schema\/logo\/image\/","url":"https:\/\/rcpt1.euromaritime.fr\/wp-content\/uploads\/2023\/02\/euromaritime-logo-dark.svg","contentUrl":"https:\/\/rcpt1.euromaritime.fr\/wp-content\/uploads\/2023\/02\/euromaritime-logo-dark.svg","caption":"Euromaritime"},"image":{"@id":"https:\/\/www.euromaritime.fr\/#\/schema\/logo\/image\/"},"sameAs":["https:\/\/x.com\/Euromaritime22","https:\/\/www.linkedin.com\/company\/euromaritime\/","https:\/\/www.youtube.com\/@euromaritime5954"]}]}},"_links":{"self":[{"href":"https:\/\/rcpt1.euromaritime.fr\/fr\/wp-json\/wp\/v2\/pages\/3996","targetHints":{"allow":["GET"]}}],"collection":[{"href":"https:\/\/rcpt1.euromaritime.fr\/fr\/wp-json\/wp\/v2\/pages"}],"about":[{"href":"https:\/\/rcpt1.euromaritime.fr\/fr\/wp-json\/wp\/v2\/types\/page"}],"author":[{"embeddable":true,"href":"https:\/\/rcpt1.euromaritime.fr\/fr\/wp-json\/wp\/v2\/users\/1"}],"replies":[{"embeddable":true,"href":"https:\/\/rcpt1.euromaritime.fr\/fr\/wp-json\/wp\/v2\/comments?post=3996"}],"version-history":[{"count":0,"href":"https:\/\/rcpt1.euromaritime.fr\/fr\/wp-json\/wp\/v2\/pages\/3996\/revisions"}],"wp:attachment":[{"href":"https:\/\/rcpt1.euromaritime.fr\/fr\/wp-json\/wp\/v2\/media?parent=3996"}],"curies":[{"name":"wp","href":"https:\/\/api.w.org\/{rel}","templated":true}]}}